{"id":24,"date":"2013-11-25T11:03:44","date_gmt":"2013-11-25T09:03:44","guid":{"rendered":"http:\/\/www.worldgrafx-music.de\/?page_id=24"},"modified":"2022-06-23T11:35:40","modified_gmt":"2022-06-23T09:35:40","slug":"unternehmen","status":"publish","type":"page","link":"https:\/\/www.tws-kahr.at\/?page_id=24","title":{"rendered":"Unternehmen"},"content":{"rendered":"<h3 class=\"spb-heading\">Qualit\u00e4t aus Meisterhand.<\/h3>\n<p>Mehr Lebensqualit\u00e4t und die Liebe zum heimischen Holz: seit \u00fcber 45 Jahren setzt unser Traditionsunternehmen auf M\u00f6belst\u00fccke von echtem Wert.<\/p>\n<p>Unser im Norden von Graz ans\u00e4ssige Meisterbetrieb bietet ganzheitliche Einrichtungskonzepte an, von der Ideenfindung bis zur Planung und Fertigung &#8211; auch als Generalunternehmen sind wir <strong>Ihr verl\u00e4sslicher Partner f\u00fcr Ihr Eigenheim<\/strong> und Ihre individuellen Anspr\u00fcche.<\/p>\n<p>Kontaktieren Sie uns &#8211; wir beraten Sie gerne!<\/p>\n<p>Martina Kahr<br \/>\nTischlermeisterin und Partner Ihres Vertrauens<\/p>\n","protected":false},"excerpt":{"rendered":"<p>Qualit\u00e4t aus Meisterhand. Mehr Lebensqualit\u00e4t und die Liebe zum heimischen Holz: seit \u00fcber 45 Jahren setzt unser Traditionsunternehmen auf M\u00f6belst\u00fccke von echtem Wert. Unser im Norden von Graz ans\u00e4ssige Meisterbetrieb bietet ganzheitliche Einrichtungskonzepte an, von der Ideenfindung bis zur Planung und Fertigung &#8211; auch als Generalunternehmen sind wir Ihr verl\u00e4sslicher Partner f\u00fcr Ihr Eigenheim und Ihre individuellen Anspr\u00fcche. Kontaktieren Sie [&hellip;]<\/p>\n","protected":false},"author":1,"featured_media":0,"parent":0,"menu_order":0,"comment_status":"closed","ping_status":"closed","template":"","meta":{"footnotes":""},"class_list":["post-24","page","type-page","status-publish","hentry"],"_links":{"self":[{"href":"https:\/\/www.tws-kahr.at\/index.php?rest_route=\/wp\/v2\/pages\/24","targetHints":{"allow":["GET"]}}],"collection":[{"href":"https:\/\/www.tws-kahr.at\/index.php?rest_route=\/wp\/v2\/pages"}],"about":[{"href":"https:\/\/www.tws-kahr.at\/index.php?rest_route=\/wp\/v2\/types\/page"}],"author":[{"embeddable":true,"href":"https:\/\/www.tws-kahr.at\/index.php?rest_route=\/wp\/v2\/users\/1"}],"replies":[{"embeddable":true,"href":"https:\/\/www.tws-kahr.at\/index.php?rest_route=%2Fwp%2Fv2%2Fcomments&post=24"}],"version-history":[{"count":12,"href":"https:\/\/www.tws-kahr.at\/index.php?rest_route=\/wp\/v2\/pages\/24\/revisions"}],"predecessor-version":[{"id":792,"href":"https:\/\/www.tws-kahr.at\/index.php?rest_route=\/wp\/v2\/pages\/24\/revisions\/792"}],"wp:attachment":[{"href":"https:\/\/www.tws-kahr.at\/index.php?rest_route=%2Fwp%2Fv2%2Fmedia&parent=24"}],"curies":[{"name":"wp","href":"https:\/\/api.w.org\/{rel}","templated":true}]}}